{"id":41,"date":"2020-03-20T21:53:42","date_gmt":"2020-03-20T21:53:42","guid":{"rendered":"https:\/\/rundumschule.ch\/?page_id=41"},"modified":"2025-09-09T17:35:12","modified_gmt":"2025-09-09T17:35:12","slug":"mathematik-2","status":"publish","type":"page","link":"https:\/\/rundumschule.ch\/?page_id=41","title":{"rendered":"Mathematik"},"content":{"rendered":"\n<div class=\"wp-block-media-text alignwide\" style=\"grid-template-columns:30% auto\"><figure class=\"wp-block-media-text__media\"><img fetchpriority=\"high\" decoding=\"async\" width=\"558\" height=\"731\" src=\"https:\/\/rundumschule.ch\/wp-content\/uploads\/2024\/04\/Titelbild-Part-2-2024.png\" alt=\"\" class=\"wp-image-209 size-full\" srcset=\"https:\/\/rundumschule.ch\/wp-content\/uploads\/2024\/04\/Titelbild-Part-2-2024.png 558w, https:\/\/rundumschule.ch\/wp-content\/uploads\/2024\/04\/Titelbild-Part-2-2024-229x300.png 229w\" sizes=\"(max-width: 558px) 100vw, 558px\" \/><\/figure><div class=\"wp-block-media-text__content\">\n<p class=\"has-normal-font-size\"><strong>Mathematische Aktivierung<\/strong> Band 2 <br>(1. Auflage, 2025)<\/p>\n\n\n\n<p><a href=\"https:\/\/rundumschule.ch\/wp-content\/uploads\/2025\/09\/Mathematische-Aktivierung_Band2.pptx\">PP f\u00fcr den Einsatz in der Klasse<\/a><\/p>\n\n\n\n<p><a href=\"https:\/\/rundumschule.ch\/wp-content\/uploads\/2025\/07\/Part-2_mathematischer-Unterrichtseinstieg_A4hoch_250726_Inhaltsverzeichnis-pdf-212x300.jpg\">Auszug aus dem Buch (80 Seiten) mit Einteilung und Titel der mathematischen Probleme<\/a><\/p>\n\n\n\n<p><a href=\"https:\/\/rundumschule.ch\/wp-content\/uploads\/2025\/07\/Band-2-Mathematischer-Unterrichtseinstieg-Exceltabellen.xlsx\">Exceltabelle f\u00fcr das L\u00f6sen einiger Aufgaben<\/a><\/p>\n\n\n\n<p>Bei Interesse am Buch: <br>Patrick Meier<br>Blumenweg 5<br>6037 Root<\/p>\n\n\n\n<p><\/p>\n<\/div><\/div>\n\n\n\n<p><a href=\"https:\/\/rundumschule.ch\/wp-content\/uploads\/2020\/04\/Ostermathematik_Primarschule.pdf\"><\/a><a href=\"https:\/\/rundumschule.ch\/wp-content\/uploads\/2020\/04\/Ostermathematik_Primarschule-1.pdf\"><img decoding=\"async\" width=\"150\" height=\"172\" class=\"wp-image-107\" style=\"width: 150px;\" src=\"https:\/\/rundumschule.ch\/wp-content\/uploads\/2020\/04\/Logo_Ostermathematik.png\" alt=\"\" srcset=\"https:\/\/rundumschule.ch\/wp-content\/uploads\/2020\/04\/Logo_Ostermathematik.png 688w, https:\/\/rundumschule.ch\/wp-content\/uploads\/2020\/04\/Logo_Ostermathematik-262x300.png 262w\" sizes=\"(max-width: 150px) 100vw, 150px\" \/><\/a> <br><strong>Ostermathematik mit Auftr\u00e4gen f\u00fcr die Zyklen 1 und 2<\/strong>: <a href=\"https:\/\/rundumschule.ch\/wp-content\/uploads\/2020\/04\/Ostermathematik_Primarschule-1.pdf\">Link<\/a><\/p>\n\n\n\n<div class=\"wp-block-media-text alignwide\" style=\"grid-template-columns:31% auto\"><figure class=\"wp-block-media-text__media\"><img decoding=\"async\" width=\"549\" height=\"832\" src=\"https:\/\/rundumschule.ch\/wp-content\/uploads\/2020\/03\/Titel-mathematische-Aktivierung-2-Auflage.png\" alt=\"\" class=\"wp-image-42 size-full\" srcset=\"https:\/\/rundumschule.ch\/wp-content\/uploads\/2020\/03\/Titel-mathematische-Aktivierung-2-Auflage.png 549w, https:\/\/rundumschule.ch\/wp-content\/uploads\/2020\/03\/Titel-mathematische-Aktivierung-2-Auflage-198x300.png 198w\" sizes=\"(max-width: 549px) 100vw, 549px\" \/><\/figure><div class=\"wp-block-media-text__content\">\n<p class=\"has-normal-font-size\"><strong>Mathematische Aktivierung<\/strong> Band 1 <br>(3. Auflage, 2024)<\/p>\n\n\n\n<p><a href=\"https:\/\/rundumschule.ch\/wp-content\/uploads\/2020\/04\/Mathematische-Aktivierung_Band1-1.pptx\">PP f\u00fcr den Einsatz in der Klasse<\/a><\/p>\n\n\n\n<p><a href=\"https:\/\/rundumschule.ch\/wp-content\/uploads\/2020\/04\/Part-1_Auszug-aus-dem-Buch.pdf\">Auszug aus dem Buch (104 Seiten) mit Einteilung und Titel der mathematischen Probleme<\/a><\/p>\n\n\n\n<p>Bei Interesse am Buch: <br>Bestellung bei Patrick Meier, Blumenweg 5, 6037 Root<\/p>\n<\/div><\/div>\n\n\n\n<p><strong>Mathematischer Foto-Orientierungslauf<\/strong><\/p>\n\n\n\n<p><a href=\"https:\/\/rundumschule.ch\/wp-content\/uploads\/2020\/04\/pme_mathOL_200414.pdf\">Theoretische Grundlagen<\/a><\/p>\n\n\n\n<p><a href=\"https:\/\/rundumschule.ch\/wp-content\/uploads\/2020\/03\/Mathematischer-FotoOL-Luzern.pdf\">Luzern (Alpenquai)<\/a><\/p>\n\n\n\n<p><a href=\"https:\/\/rundumschule.ch\/wp-content\/uploads\/2020\/03\/Mathematischer-FotoOL-Stadt-Basel.pdf\">Basel<\/a><\/p>\n\n\n\n<p><a href=\"https:\/\/rundumschule.ch\/wp-content\/uploads\/2020\/03\/Mathematischer-FotoOL-Stadt-Z\u00fcrichI.pdf\">Z\u00fcrich I (Hirschengraben)<\/a><\/p>\n\n\n\n<p><a href=\"https:\/\/rundumschule.ch\/wp-content\/uploads\/2020\/03\/Mathematischer-FotoOL-Z\u00fcrich_Unterstrass.pdf\">Z\u00fcrich II (Unterstrass)<\/a><\/p>\n\n\n\n<p><a href=\"http:\/\/www.rundumschule.ch\/mathematik\/math_OL_zug\/Math_OL_zug_Home.html\">Zug<\/a> (online)<\/p>\n\n\n\n<p><a href=\"https:\/\/rundumschule.ch\/wp-content\/uploads\/2020\/03\/Mathematischer-FotoOL-Schaffhausen.pdf\">Schaffhausen<\/a><\/p>\n\n\n\n<p><\/p>\n","protected":false},"excerpt":{"rendered":"<p>Mathematische Aktivierung Band 2 (1. Auflage, 2025) PP f\u00fcr den Einsatz in der Klasse Auszug aus dem Buch (80 Seiten) mit Einteilung und Titel der mathematischen Probleme Exceltabelle f\u00fcr das L\u00f6sen einiger Aufgaben Bei Interesse am Buch: Patrick MeierBlumenweg 56037 Root Ostermathematik mit Auftr\u00e4gen f\u00fcr die Zyklen 1 und 2: Link Mathematische Aktivierung Band 1 &hellip; <\/p>\n<p class=\"link-more\"><a href=\"https:\/\/rundumschule.ch\/?page_id=41\" class=\"more-link\"><span class=\"screen-reader-text\">\u201eMathematik\u201c <\/span>weiterlesen<\/a><\/p>\n","protected":false},"author":1,"featured_media":0,"parent":0,"menu_order":0,"comment_status":"closed","ping_status":"closed","template":"","meta":{"footnotes":""},"class_list":["post-41","page","type-page","status-publish","hentry"],"jetpack_sharing_enabled":true,"_links":{"self":[{"href":"https:\/\/rundumschule.ch\/index.php?rest_route=\/wp\/v2\/pages\/41","targetHints":{"allow":["GET"]}}],"collection":[{"href":"https:\/\/rundumschule.ch\/index.php?rest_route=\/wp\/v2\/pages"}],"about":[{"href":"https:\/\/rundumschule.ch\/index.php?rest_route=\/wp\/v2\/types\/page"}],"author":[{"embeddable":true,"href":"https:\/\/rundumschule.ch\/index.php?rest_route=\/wp\/v2\/users\/1"}],"replies":[{"embeddable":true,"href":"https:\/\/rundumschule.ch\/index.php?rest_route=%2Fwp%2Fv2%2Fcomments&post=41"}],"version-history":[{"count":40,"href":"https:\/\/rundumschule.ch\/index.php?rest_route=\/wp\/v2\/pages\/41\/revisions"}],"predecessor-version":[{"id":259,"href":"https:\/\/rundumschule.ch\/index.php?rest_route=\/wp\/v2\/pages\/41\/revisions\/259"}],"wp:attachment":[{"href":"https:\/\/rundumschule.ch\/index.php?rest_route=%2Fwp%2Fv2%2Fmedia&parent=41"}],"curies":[{"name":"wp","href":"https:\/\/api.w.org\/{rel}","templated":true}]}}